{"id":3154,"date":"2021-01-07T13:26:42","date_gmt":"2021-01-07T13:26:42","guid":{"rendered":"http:\/\/hifmb.de.w01b8649.kasserver.com\/marine-acoustic-underwater-diversity-maud\/"},"modified":"2021-02-09T09:08:40","modified_gmt":"2021-02-09T09:08:40","slug":"marine-akustik-unterwasser-vielfalt-maud","status":"publish","type":"page","link":"https:\/\/hifmb.de\/de\/forschung\/arbeitsgruppen\/marine-akustik-unterwasser-vielfalt-maud\/","title":{"rendered":"Marine Akustik Unterwasser Vielfalt (MAUD)"},"content":{"rendered":"\n<div class=\"wp-block-theme-spacer  height-xxs\"><\/div>\n\n\n\n<p><strong>Werkzeuge zur akustischen Bewertung der Biodiversit\u00e4t und der akustischen Habitatqualit\u00e4t<\/strong><\/p>\n\n\n\n<p>Angesichts des derzeit zunehmenden Lebensraumverlustes in der Meeresumwelt wird der Bedarf an einer effizienten Ma\u00dfnahme, mit der Lebensgemeinschaften \u00fcberwacht werden k\u00f6nnen, immer dringender. Passive akustische Methoden sind ein hocheffektives und nicht-invasives Werkzeug, um die Anwesenheit von schallproduzierenden Arten in Unterwasserumgebungen zu \u00fcberwachen.<\/p>\n\n\n\n<p>Unsere Arbeit erforscht, wie passive akustische Aufnahmen und akustische Metriken genutzt werden k\u00f6nnen, um schnell Informationen \u00fcber die akustische Diversit\u00e4t im Wasser, die Regeln der Artenzusammensetzung und die Struktur der Gemeinschaft zu gewinnen.<\/p>\n\n\n\n<p>Weitere Arbeiten drehen sich um die Entwicklung neuer Messgr\u00f6\u00dfen f\u00fcr eine bisher nahezu vernachl\u00e4ssigte Eigenschaft mariner \u00d6kosysteme: die akustische Qualit\u00e4t von Unterwasserhabitaten. Zunehmender anthropogener Unterwasserl\u00e4rm gibt zunehmend Anlass zur Sorge, da er nachweislich viele Meerestiere, von gro\u00dfen S\u00e4ugetieren bis hin zu bodenbewohnenden Wirbellosen, beeintr\u00e4chtigt. Die passive Nutzung von Schall spielt f\u00fcr viele Wassertiere eine gro\u00dfe Rolle als Informationsquelle, w\u00e4hrend aktiver Schall bei vielen Arten zu Kommunikationszwecken genutzt wird. Das Vorhandensein von Hintergrundger\u00e4uschen kann daher erhebliche nachteilige Auswirkungen auf Lebensgemeinschaften, Fitness und Populationen haben. Die Bewertung der akustischen Lebensraumqualit\u00e4t unter Wasser umfasst die Kartierung sowohl nat\u00fcrlicher als auch anthropogener Schallquellen in einem (nahezu) akustisch unber\u00fchrten und einem betroffenen Gebiet, um zu untersuchen, wie sich die Muster in der Artenzusammensetzung in Abh\u00e4ngigkeit vom L\u00e4rmbudget unterscheiden.<\/p>\n\n\n\n<div class=\"wp-block-theme-spacer  height-xs\"><\/div>\n\n\n\n<h2 class=\"mb-xxxs wp-block-heading\">Unser Team f\u00fcr Marine Akustik Unterwasser Vielfalt (MAUD)<\/h2>\n\n\n\n<div class=\"wp-block-theme-section  pb-none is-fullwidth\" style=\"\"><div class=\"container\">\n<div id=\"people-block\" class=\"wp-block-theme-filter-posts\">\n\n    \n    <div id=\"append-people-block_5fd77649b8ab8\" class=\"people-query row\" aria-live=\"polite\">\n\n        \n        <article id=\"post-2934\" class=\"people-teaser zoom-onhover col-12 col-sm-6 col-md-4 col-lg-3 mb-xxl post-2934 people type-people status-publish has-post-thumbnail hentry\">\n\n            <a class=\"post-thumbnail\" href=\"https:\/\/hifmb.de\/de\/personen\/ilse-van-opzeeland\/\" aria-hidden=\"true\" tabindex=\"-1\"><img loading=\"lazy\" decoding=\"async\" width=\"328\" height=\"328\" src=\"https:\/\/hifmb.de\/wp-content\/uploads\/2021\/01\/Ilse_van_Opzeeland-328x328.png\" class=\"size-medium w-100 img-bordered people-teaser--img-main wp-post-image\" alt=\"Ilse van Opzeeland\" srcset=\"https:\/\/hifmb.de\/wp-content\/uploads\/2021\/01\/Ilse_van_Opzeeland-328x328.png 328w, https:\/\/hifmb.de\/wp-content\/uploads\/2021\/01\/Ilse_van_Opzeeland-150x150.png 150w, https:\/\/hifmb.de\/wp-content\/uploads\/2021\/01\/Ilse_van_Opzeeland.png 700w\" sizes=\"auto, (max-width: 328px) 100vw, 328px\" \/><\/a>    \n    <header class=\"entry-header\">\n\n        <h2 class=\"entry-title pt-2 mb-xxxs\"><a href=\"https:\/\/hifmb.de\/de\/personen\/ilse-van-opzeeland\/\" rel=\"bookmark\" class=\"no-link-style people-teaser-title\">Ilse van Opzeeland<\/a><\/h2>\n        \n        <span>Bioakustikerin<\/span>\n\n\n\n    <\/header>\n\n<\/article>\n\n        \n            <div id=\"load-more\" class=\"col-12 mt-5 mb-5 no-link-style\"\n                 data-append-id=\"append-people-block_5fd77649b8ab8\"\n                 data-btn-text=\"Laden...\">\n                            <\/div>\n\n        \n    <\/div> \n    <p id=\"back-to-top\" class=\"container mt-5 text-right\" style=\"display:none\"><a href=\"#page\"\n                                                                                  class=\"btn btn-primary icon-round\">\n            <span class=\"sr-only\">Zur\u00fcck nach oben<\/span>\n            <svg class=\"icon icon-size-xs\">\n                <use xlink:href=\"#arrow-double-up\"\/>\n            <\/svg>\n        <\/a><\/p>\n\n<\/div> \n\n\n\n\n   <div class=\"wp-block-theme-query-posts\">\n\n                    <h2 class=\"pt-0 mb-xl container-md\">News und Artikel zum Thema<\/h2>\n        \n        <div id=\"append-posts\" class=\"row\" aria-live=\"polite\">\n\n            \n <article id=\"post-12742\" class=\"col-md-6 col-lg-4 zoom-onhover zoom-onhover-sm post-teaser-sm mb-xxl post-12742 post type-post status-publish format-standard has-post-thumbnail hentry category-feldforschung category-oekosysteme tag-rg-marine-akustik-unterwasser-diversitat\">\n\n            <a class=\"post-thumbnail\" href=\"https:\/\/hifmb.de\/de\/die-wiederbelebung-von-palaoa-eine-akustische-heimkehr\/\" aria-hidden=\"true\" tabindex=\"-1\"><img loading=\"lazy\" decoding=\"async\" width=\"328\" height=\"224\" src=\"https:\/\/hifmb.de\/wp-content\/uploads\/2024\/03\/Melted-hole-with-hydrophone-cable-1-328x224.jpg\" class=\"size-medium w-100 mb-2 pb-1 img-height-190 wp-post-image\" alt=\"Die Wiederbelebung von PALAOA \u2013 eine akustische Heimkehr\" srcset=\"https:\/\/hifmb.de\/wp-content\/uploads\/2024\/03\/Melted-hole-with-hydrophone-cable-1-328x224.jpg 328w, https:\/\/hifmb.de\/wp-content\/uploads\/2024\/03\/Melted-hole-with-hydrophone-cable-1.jpg 1080w\" sizes=\"auto, (max-width: 328px) 100vw, 328px\" \/><\/a>    \n    <div class=\"entry-meta\">\n\n        <span class=\"cat-links\"><a href=\"https:\/\/hifmb.de\/de\/kategorie\/feldforschung\/\" rel=\"category tag\">Feldforschung<\/a> | <a href=\"https:\/\/hifmb.de\/de\/kategorie\/oekosysteme\/\" rel=\"category tag\">\u00d6kosysteme<\/a><\/span> \n    <\/div>\n\n     <header class=\"entry-header mb-2\">\n\n         <h2 class=\"entry-title pt-4 mb-0\"><a href=\"https:\/\/hifmb.de\/de\/die-wiederbelebung-von-palaoa-eine-akustische-heimkehr\/\" rel=\"bookmark\" class=\"text-primary no-link-style\" id=\"teaser-headline-12742\">Die Wiederbelebung von PALAOA \u2013 eine akustische Heimkehr<\/a><\/h2>\n         \n             <strong class=\"entry-date has-small-font-size\"><time class=\"posted-on published updated\" datetime=\"March 14, 2024\">March 14, 2024<\/time><\/strong>\n         \n     <\/header>\n\n     <div class=\"entry-excerpt\">\n\n\t\t <p>Langsam sinkt die beeindruckende Lanze ins Eis. Mit ihren kunstvoll verschraubten Kupferplatten erinnert sie an ein wissenschaftliches Instrument nach Jules Verne.  Sie ist an einer riesigen Anlage mit heulenden Dieselmotoren befestigt, die eine langsame, primitive Kraft ausstrahlt. Vielleicht genau die Art von primitiver Kraft und Geduld, die man braucht, um 100 m dickes Schelfeis zu schmelzen. Wir befinden uns in der Antarktis auf dem Eckstroem-Schelfeis und schmelzen L\u00f6cher, um unser passives akustisches Observatorium nach einer zweij\u00e4hrigen Datenpause aufgrund eines Schelfeisabbruchs im Februar 2022 endlich wieder in Betrieb zu nehmen.<\/p><p><a class=\"btn btn-primary theme-read-more-link mt-3 no-link-style\"\n                    href=\"https:\/\/hifmb.de\/de\/die-wiederbelebung-von-palaoa-eine-akustische-heimkehr\/\"\n                    aria-describedby=\"teaser-headline-12742\">Weiterlesen<\/a><\/p>\n     <\/div>\n\n\n\n <\/article>\n\n <article id=\"post-12388\" class=\"col-md-6 col-lg-4 zoom-onhover zoom-onhover-sm post-teaser-sm mb-xxl post-12388 post type-post status-publish format-standard has-post-thumbnail hentry category-einfluss-des-menschen category-feldforschung category-oekosysteme tag-rg-marine-akustik-unterwasser-diversitat\">\n\n            <a class=\"post-thumbnail\" href=\"https:\/\/hifmb.de\/de\/einblicke-in-die-marine-biodiversitaetsforschungvortraege-fuer-schuelerinnen-und-schueler\/\" aria-hidden=\"true\" tabindex=\"-1\"><img loading=\"lazy\" decoding=\"async\" width=\"328\" height=\"164\" src=\"https:\/\/hifmb.de\/wp-content\/uploads\/2024\/01\/240123_Blog_Header_Praesentationen_Walforschung-328x164.png\" class=\"size-medium w-100 mb-2 pb-1 img-height-190 wp-post-image\" alt=\"Einblicke in die marine Biodiversit\u00e4ts-Forschung \u2013 Vortr\u00e4ge f\u00fcr Sch\u00fclerinnen und Sch\u00fcler\" srcset=\"https:\/\/hifmb.de\/wp-content\/uploads\/2024\/01\/240123_Blog_Header_Praesentationen_Walforschung-328x164.png 328w, https:\/\/hifmb.de\/wp-content\/uploads\/2024\/01\/240123_Blog_Header_Praesentationen_Walforschung-1080x540.png 1080w, https:\/\/hifmb.de\/wp-content\/uploads\/2024\/01\/240123_Blog_Header_Praesentationen_Walforschung.png 1440w\" sizes=\"auto, (max-width: 328px) 100vw, 328px\" \/><\/a>    \n    <div class=\"entry-meta\">\n\n        <span class=\"cat-links\"><a href=\"https:\/\/hifmb.de\/de\/kategorie\/einfluss-des-menschen\/\" rel=\"category tag\">Einfluss des Menschen<\/a> | <a href=\"https:\/\/hifmb.de\/de\/kategorie\/feldforschung\/\" rel=\"category tag\">Feldforschung<\/a> | <a href=\"https:\/\/hifmb.de\/de\/kategorie\/oekosysteme\/\" rel=\"category tag\">\u00d6kosysteme<\/a><\/span> \n    <\/div>\n\n     <header class=\"entry-header mb-2\">\n\n         <h2 class=\"entry-title pt-4 mb-0\"><a href=\"https:\/\/hifmb.de\/de\/einblicke-in-die-marine-biodiversitaetsforschungvortraege-fuer-schuelerinnen-und-schueler\/\" rel=\"bookmark\" class=\"text-primary no-link-style\" id=\"teaser-headline-12388\">Einblicke in die marine Biodiversit\u00e4ts-Forschung \u2013 Vortr\u00e4ge f\u00fcr Sch\u00fclerinnen und Sch\u00fcler<\/a><\/h2>\n         \n             <strong class=\"entry-date has-small-font-size\"><time class=\"posted-on published updated\" datetime=\"January 29, 2024\">January 29, 2024<\/time><\/strong>\n         \n     <\/header>\n\n     <div class=\"entry-excerpt\">\n\n\t\t <p>Zwei ausf\u00fchrliche Pr\u00e4sentationen, entwickelt von zwei jungen Wissenschaftlerinnen, erm\u00f6glichen es Lehrkr\u00e4ften, mit ihren Sch\u00fclerinnen und Sch\u00fclern einen spannenden Einstieg in das Thema biologische Vielfalt im Meer zu finden. Konkret geht es dabei um die Walforschung, um das Nahrungsnetz in der Antarktis und die besondere F\u00e4higkeit von Walen, Schallwellen zu h\u00f6ren und zu nutzen.<\/p><p><a class=\"btn btn-primary theme-read-more-link mt-3 no-link-style\"\n                    href=\"https:\/\/hifmb.de\/de\/einblicke-in-die-marine-biodiversitaetsforschungvortraege-fuer-schuelerinnen-und-schueler\/\"\n                    aria-describedby=\"teaser-headline-12388\">Weiterlesen<\/a><\/p>\n     <\/div>\n\n\n\n <\/article>\n\n <article id=\"post-11138\" class=\"col-md-6 col-lg-4 zoom-onhover zoom-onhover-sm post-teaser-sm mb-xxl post-11138 post type-post status-publish format-standard has-post-thumbnail hentry category-einfluss-des-menschen category-oekosysteme category-veranstaltung tag-rg-marine-akustik-unterwasser-diversitat tag-wg-marine-governance-de\">\n\n            <a class=\"post-thumbnail\" href=\"https:\/\/hifmb.de\/de\/mirrors\/\" aria-hidden=\"true\" tabindex=\"-1\"><img loading=\"lazy\" decoding=\"async\" width=\"328\" height=\"164\" src=\"https:\/\/hifmb.de\/wp-content\/uploads\/2023\/07\/Title_Mirrors-328x164.png\" class=\"size-medium w-100 mb-2 pb-1 img-height-190 wp-post-image\" alt=\"Mirrors &#8211; Die akustische Reise des Zwergwals\" srcset=\"https:\/\/hifmb.de\/wp-content\/uploads\/2023\/07\/Title_Mirrors-328x164.png 328w, https:\/\/hifmb.de\/wp-content\/uploads\/2023\/07\/Title_Mirrors-1080x540.png 1080w, https:\/\/hifmb.de\/wp-content\/uploads\/2023\/07\/Title_Mirrors.png 1440w\" sizes=\"auto, (max-width: 328px) 100vw, 328px\" \/><\/a>    \n    <div class=\"entry-meta\">\n\n        <span class=\"cat-links\"><a href=\"https:\/\/hifmb.de\/de\/kategorie\/einfluss-des-menschen\/\" rel=\"category tag\">Einfluss des Menschen<\/a> | <a href=\"https:\/\/hifmb.de\/de\/kategorie\/oekosysteme\/\" rel=\"category tag\">\u00d6kosysteme<\/a> | <a href=\"https:\/\/hifmb.de\/de\/kategorie\/veranstaltung\/\" rel=\"category tag\">Veranstaltung<\/a><\/span> \n    <\/div>\n\n     <header class=\"entry-header mb-2\">\n\n         <h2 class=\"entry-title pt-4 mb-0\"><a href=\"https:\/\/hifmb.de\/de\/mirrors\/\" rel=\"bookmark\" class=\"text-primary no-link-style\" id=\"teaser-headline-11138\">Mirrors &#8211; Die akustische Reise des Zwergwals<\/a><\/h2>\n         \n             <strong class=\"entry-date has-small-font-size\"><time class=\"posted-on published updated\" datetime=\"July 4, 2023\">July 4, 2023<\/time><\/strong>\n         \n     <\/header>\n\n     <div class=\"entry-excerpt\">\n\n\t\t <p>Mirrors ist eine Klanginstallation, die die akustische Reise des Zwergwals auf seinem Weg von der Antarktis nach Namibia verfolgt. In Zusammenarbeit mit dem K\u00fcnstler und Forscher Geraint Rhys und der Wissenschaftlerin f\u00fcr Meeresakustik Dr. Ilse van Opzeeland wird aufgezeigt, wie sich die Stimme des Zwergwals auf seiner Wanderung durch die Ozeane ver\u00e4ndert, wenn er seinen Standort wechselt.<\/p><p><a class=\"btn btn-primary theme-read-more-link mt-3 no-link-style\"\n                    href=\"https:\/\/hifmb.de\/de\/mirrors\/\"\n                    aria-describedby=\"teaser-headline-11138\">Weiterlesen<\/a><\/p>\n     <\/div>\n\n\n\n <\/article>\n\n                            <div id=\"load-more\"\n                    class=\"col-12 mt-0 mb-1 no-link-style\"\n                    data-append-id=\"append-posts\"\n                    data-btn-text=\"Laden...\">\n                    <a href=\"https:\/\/hifmb.de\/de\/wp-json\/wp\/v2\/pages\/3154\/page\/2\/\" >Mehr laden<\/a><\/div>\n            \n        <\/div>\n\n    <\/div>\n\n<\/div><\/div>\n\n\n\n<div class=\"wp-block-theme-spacer  height-xxxl\"><\/div>\n","protected":false},"excerpt":{"rendered":"<p>Mirrors ist eine Klanginstallation, die die akustische Reise des Zwergwals auf seinem Weg von der Antarktis nach Namibia verfolgt. In Zusammenarbeit mit dem K\u00fcnstler und Forscher Geraint Rhys und der Wissenschaftlerin f\u00fcr Meeresakustik Dr. Ilse van Opzeeland wird aufgezeigt, wie sich die Stimme des Zwergwals auf seiner Wanderung durch die Ozeane ver\u00e4ndert, wenn er seinen &#8230;<\/p>\n<p><a class=\"btn btn-primary theme-read-more-link mt-3 no-link-style\"\n                    href=\"https:\/\/hifmb.de\/de\/forschung\/arbeitsgruppen\/marine-akustik-unterwasser-vielfalt-maud\/\"\n                    aria-describedby=\"teaser-headline-3154\">Weiterlesen<\/a><\/p>\n","protected":false},"author":3,"featured_media":2610,"parent":3172,"menu_order":4,"comment_status":"closed","ping_status":"closed","template":"","meta":{"_acf_changed":false,"footnotes":""},"class_list":["post-3154","page","type-page","status-publish","has-post-thumbnail","hentry"],"acf":[],"yoast_head":"<!-- This site is optimized with the Yoast SEO plugin v27.4 - https:\/\/yoast.com\/product\/yoast-seo-wordpress\/ -->\n<title>Marine Akustik Unterwasser Vielfalt (MAUD) - HIFMB Oldenburg<\/title>\n<meta name=\"robots\" content=\"index, follow, max-snippet:-1, max-image-preview:large, max-video-preview:-1\" \/>\n<link rel=\"canonical\" href=\"https:\/\/hifmb.de\/de\/forschung\/arbeitsgruppen\/marine-akustik-unterwasser-vielfalt-maud\/\" \/>\n<meta property=\"og:locale\" content=\"de_DE\" \/>\n<meta property=\"og:type\" content=\"article\" \/>\n<meta property=\"og:title\" content=\"Marine Akustik Unterwasser Vielfalt (MAUD) - HIFMB Oldenburg\" \/>\n<meta property=\"og:description\" content=\"Mirrors ist eine Klanginstallation, die die akustische Reise des Zwergwals auf seinem Weg von der Antarktis nach Namibia verfolgt. In Zusammenarbeit mit dem K\u00fcnstler und Forscher Geraint Rhys und der Wissenschaftlerin f\u00fcr Meeresakustik Dr. Ilse van Opzeeland wird aufgezeigt, wie sich die Stimme des Zwergwals auf seiner Wanderung durch die Ozeane ver\u00e4ndert, wenn er seinen ...Weiterlesen\" \/>\n<meta property=\"og:url\" content=\"https:\/\/hifmb.de\/de\/forschung\/arbeitsgruppen\/marine-akustik-unterwasser-vielfalt-maud\/\" \/>\n<meta property=\"og:site_name\" content=\"HIFMB Oldenburg\" \/>\n<meta property=\"article:modified_time\" content=\"2021-02-09T09:08:40+00:00\" \/>\n<meta property=\"og:image\" content=\"https:\/\/hifmb.de\/wp-content\/uploads\/2021\/01\/hifmb-ag-marine-acoustic.jpg\" \/>\n\t<meta property=\"og:image:width\" content=\"2560\" \/>\n\t<meta property=\"og:image:height\" content=\"720\" \/>\n\t<meta property=\"og:image:type\" content=\"image\/jpeg\" \/>\n<meta name=\"twitter:card\" content=\"summary_large_image\" \/>\n<meta name=\"twitter:label1\" content=\"Est. reading time\" \/>\n\t<meta name=\"twitter:data1\" content=\"1 minute\" \/>\n<script type=\"application\/ld+json\" class=\"yoast-schema-graph\">{\"@context\":\"https:\\\/\\\/schema.org\",\"@graph\":[{\"@type\":\"WebPage\",\"@id\":\"https:\\\/\\\/hifmb.de\\\/de\\\/forschung\\\/arbeitsgruppen\\\/marine-akustik-unterwasser-vielfalt-maud\\\/\",\"url\":\"https:\\\/\\\/hifmb.de\\\/de\\\/forschung\\\/arbeitsgruppen\\\/marine-akustik-unterwasser-vielfalt-maud\\\/\",\"name\":\"Marine Akustik Unterwasser Vielfalt (MAUD) - HIFMB Oldenburg\",\"isPartOf\":{\"@id\":\"https:\\\/\\\/hifmb.de\\\/de\\\/#website\"},\"primaryImageOfPage\":{\"@id\":\"https:\\\/\\\/hifmb.de\\\/de\\\/forschung\\\/arbeitsgruppen\\\/marine-akustik-unterwasser-vielfalt-maud\\\/#primaryimage\"},\"image\":{\"@id\":\"https:\\\/\\\/hifmb.de\\\/de\\\/forschung\\\/arbeitsgruppen\\\/marine-akustik-unterwasser-vielfalt-maud\\\/#primaryimage\"},\"thumbnailUrl\":\"https:\\\/\\\/hifmb.de\\\/wp-content\\\/uploads\\\/2021\\\/01\\\/hifmb-ag-marine-acoustic.jpg\",\"datePublished\":\"2021-01-07T13:26:42+00:00\",\"dateModified\":\"2021-02-09T09:08:40+00:00\",\"breadcrumb\":{\"@id\":\"https:\\\/\\\/hifmb.de\\\/de\\\/forschung\\\/arbeitsgruppen\\\/marine-akustik-unterwasser-vielfalt-maud\\\/#breadcrumb\"},\"inLanguage\":\"de-DE\",\"potentialAction\":[{\"@type\":\"ReadAction\",\"target\":[\"https:\\\/\\\/hifmb.de\\\/de\\\/forschung\\\/arbeitsgruppen\\\/marine-akustik-unterwasser-vielfalt-maud\\\/\"]}]},{\"@type\":\"ImageObject\",\"inLanguage\":\"de-DE\",\"@id\":\"https:\\\/\\\/hifmb.de\\\/de\\\/forschung\\\/arbeitsgruppen\\\/marine-akustik-unterwasser-vielfalt-maud\\\/#primaryimage\",\"url\":\"https:\\\/\\\/hifmb.de\\\/wp-content\\\/uploads\\\/2021\\\/01\\\/hifmb-ag-marine-acoustic.jpg\",\"contentUrl\":\"https:\\\/\\\/hifmb.de\\\/wp-content\\\/uploads\\\/2021\\\/01\\\/hifmb-ag-marine-acoustic.jpg\",\"width\":2560,\"height\":720},{\"@type\":\"BreadcrumbList\",\"@id\":\"https:\\\/\\\/hifmb.de\\\/de\\\/forschung\\\/arbeitsgruppen\\\/marine-akustik-unterwasser-vielfalt-maud\\\/#breadcrumb\",\"itemListElement\":[{\"@type\":\"ListItem\",\"position\":1,\"name\":\"Home\",\"item\":\"https:\\\/\\\/hifmb.de\\\/de\\\/\"},{\"@type\":\"ListItem\",\"position\":2,\"name\":\"Forschung\",\"item\":\"https:\\\/\\\/hifmb.de\\\/de\\\/forschung\\\/\"},{\"@type\":\"ListItem\",\"position\":3,\"name\":\"Arbeitsgruppen\",\"item\":\"https:\\\/\\\/hifmb.de\\\/de\\\/forschung\\\/arbeitsgruppen\\\/\"},{\"@type\":\"ListItem\",\"position\":4,\"name\":\"Marine Akustik Unterwasser Vielfalt (MAUD)\"}]},{\"@type\":\"WebSite\",\"@id\":\"https:\\\/\\\/hifmb.de\\\/de\\\/#website\",\"url\":\"https:\\\/\\\/hifmb.de\\\/de\\\/\",\"name\":\"HIFMB Oldenburg\",\"description\":\"The Helmholtz Institute for Functional Marine Biodiversity (HIFMB)\",\"publisher\":{\"@id\":\"https:\\\/\\\/hifmb.de\\\/de\\\/#organization\"},\"potentialAction\":[{\"@type\":\"SearchAction\",\"target\":{\"@type\":\"EntryPoint\",\"urlTemplate\":\"https:\\\/\\\/hifmb.de\\\/de\\\/?s={search_term_string}\"},\"query-input\":{\"@type\":\"PropertyValueSpecification\",\"valueRequired\":true,\"valueName\":\"search_term_string\"}}],\"inLanguage\":\"de-DE\"},{\"@type\":\"Organization\",\"@id\":\"https:\\\/\\\/hifmb.de\\\/de\\\/#organization\",\"name\":\"HIFMB Oldenburg\",\"url\":\"https:\\\/\\\/hifmb.de\\\/de\\\/\",\"logo\":{\"@type\":\"ImageObject\",\"inLanguage\":\"de-DE\",\"@id\":\"https:\\\/\\\/hifmb.de\\\/de\\\/#\\\/schema\\\/logo\\\/image\\\/\",\"url\":\"https:\\\/\\\/hifmb.de\\\/wp-content\\\/uploads\\\/2021\\\/01\\\/hifmb-logo-neg-de.svg\",\"contentUrl\":\"https:\\\/\\\/hifmb.de\\\/wp-content\\\/uploads\\\/2021\\\/01\\\/hifmb-logo-neg-de.svg\",\"width\":300,\"height\":87,\"caption\":\"HIFMB Oldenburg\"},\"image\":{\"@id\":\"https:\\\/\\\/hifmb.de\\\/de\\\/#\\\/schema\\\/logo\\\/image\\\/\"}}]}<\/script>\n<!-- \/ Yoast SEO plugin. -->","yoast_head_json":{"title":"Marine Akustik Unterwasser Vielfalt (MAUD) - HIFMB Oldenburg","robots":{"index":"index","follow":"follow","max-snippet":"max-snippet:-1","max-image-preview":"max-image-preview:large","max-video-preview":"max-video-preview:-1"},"canonical":"https:\/\/hifmb.de\/de\/forschung\/arbeitsgruppen\/marine-akustik-unterwasser-vielfalt-maud\/","og_locale":"de_DE","og_type":"article","og_title":"Marine Akustik Unterwasser Vielfalt (MAUD) - HIFMB Oldenburg","og_description":"Mirrors ist eine Klanginstallation, die die akustische Reise des Zwergwals auf seinem Weg von der Antarktis nach Namibia verfolgt. In Zusammenarbeit mit dem K\u00fcnstler und Forscher Geraint Rhys und der Wissenschaftlerin f\u00fcr Meeresakustik Dr. Ilse van Opzeeland wird aufgezeigt, wie sich die Stimme des Zwergwals auf seiner Wanderung durch die Ozeane ver\u00e4ndert, wenn er seinen ...Weiterlesen","og_url":"https:\/\/hifmb.de\/de\/forschung\/arbeitsgruppen\/marine-akustik-unterwasser-vielfalt-maud\/","og_site_name":"HIFMB Oldenburg","article_modified_time":"2021-02-09T09:08:40+00:00","og_image":[{"width":2560,"height":720,"url":"https:\/\/hifmb.de\/wp-content\/uploads\/2021\/01\/hifmb-ag-marine-acoustic.jpg","type":"image\/jpeg"}],"twitter_card":"summary_large_image","twitter_misc":{"Est. reading time":"1 minute"},"schema":{"@context":"https:\/\/schema.org","@graph":[{"@type":"WebPage","@id":"https:\/\/hifmb.de\/de\/forschung\/arbeitsgruppen\/marine-akustik-unterwasser-vielfalt-maud\/","url":"https:\/\/hifmb.de\/de\/forschung\/arbeitsgruppen\/marine-akustik-unterwasser-vielfalt-maud\/","name":"Marine Akustik Unterwasser Vielfalt (MAUD) - HIFMB Oldenburg","isPartOf":{"@id":"https:\/\/hifmb.de\/de\/#website"},"primaryImageOfPage":{"@id":"https:\/\/hifmb.de\/de\/forschung\/arbeitsgruppen\/marine-akustik-unterwasser-vielfalt-maud\/#primaryimage"},"image":{"@id":"https:\/\/hifmb.de\/de\/forschung\/arbeitsgruppen\/marine-akustik-unterwasser-vielfalt-maud\/#primaryimage"},"thumbnailUrl":"https:\/\/hifmb.de\/wp-content\/uploads\/2021\/01\/hifmb-ag-marine-acoustic.jpg","datePublished":"2021-01-07T13:26:42+00:00","dateModified":"2021-02-09T09:08:40+00:00","breadcrumb":{"@id":"https:\/\/hifmb.de\/de\/forschung\/arbeitsgruppen\/marine-akustik-unterwasser-vielfalt-maud\/#breadcrumb"},"inLanguage":"de-DE","potentialAction":[{"@type":"ReadAction","target":["https:\/\/hifmb.de\/de\/forschung\/arbeitsgruppen\/marine-akustik-unterwasser-vielfalt-maud\/"]}]},{"@type":"ImageObject","inLanguage":"de-DE","@id":"https:\/\/hifmb.de\/de\/forschung\/arbeitsgruppen\/marine-akustik-unterwasser-vielfalt-maud\/#primaryimage","url":"https:\/\/hifmb.de\/wp-content\/uploads\/2021\/01\/hifmb-ag-marine-acoustic.jpg","contentUrl":"https:\/\/hifmb.de\/wp-content\/uploads\/2021\/01\/hifmb-ag-marine-acoustic.jpg","width":2560,"height":720},{"@type":"BreadcrumbList","@id":"https:\/\/hifmb.de\/de\/forschung\/arbeitsgruppen\/marine-akustik-unterwasser-vielfalt-maud\/#breadcrumb","itemListElement":[{"@type":"ListItem","position":1,"name":"Home","item":"https:\/\/hifmb.de\/de\/"},{"@type":"ListItem","position":2,"name":"Forschung","item":"https:\/\/hifmb.de\/de\/forschung\/"},{"@type":"ListItem","position":3,"name":"Arbeitsgruppen","item":"https:\/\/hifmb.de\/de\/forschung\/arbeitsgruppen\/"},{"@type":"ListItem","position":4,"name":"Marine Akustik Unterwasser Vielfalt (MAUD)"}]},{"@type":"WebSite","@id":"https:\/\/hifmb.de\/de\/#website","url":"https:\/\/hifmb.de\/de\/","name":"HIFMB Oldenburg","description":"The Helmholtz Institute for Functional Marine Biodiversity (HIFMB)","publisher":{"@id":"https:\/\/hifmb.de\/de\/#organization"},"potentialAction":[{"@type":"SearchAction","target":{"@type":"EntryPoint","urlTemplate":"https:\/\/hifmb.de\/de\/?s={search_term_string}"},"query-input":{"@type":"PropertyValueSpecification","valueRequired":true,"valueName":"search_term_string"}}],"inLanguage":"de-DE"},{"@type":"Organization","@id":"https:\/\/hifmb.de\/de\/#organization","name":"HIFMB Oldenburg","url":"https:\/\/hifmb.de\/de\/","logo":{"@type":"ImageObject","inLanguage":"de-DE","@id":"https:\/\/hifmb.de\/de\/#\/schema\/logo\/image\/","url":"https:\/\/hifmb.de\/wp-content\/uploads\/2021\/01\/hifmb-logo-neg-de.svg","contentUrl":"https:\/\/hifmb.de\/wp-content\/uploads\/2021\/01\/hifmb-logo-neg-de.svg","width":300,"height":87,"caption":"HIFMB Oldenburg"},"image":{"@id":"https:\/\/hifmb.de\/de\/#\/schema\/logo\/image\/"}}]}},"_links":{"self":[{"href":"https:\/\/hifmb.de\/de\/wp-json\/wp\/v2\/pages\/3154","targetHints":{"allow":["GET"]}}],"collection":[{"href":"https:\/\/hifmb.de\/de\/wp-json\/wp\/v2\/pages"}],"about":[{"href":"https:\/\/hifmb.de\/de\/wp-json\/wp\/v2\/types\/page"}],"author":[{"embeddable":true,"href":"https:\/\/hifmb.de\/de\/wp-json\/wp\/v2\/users\/3"}],"replies":[{"embeddable":true,"href":"https:\/\/hifmb.de\/de\/wp-json\/wp\/v2\/comments?post=3154"}],"version-history":[{"count":0,"href":"https:\/\/hifmb.de\/de\/wp-json\/wp\/v2\/pages\/3154\/revisions"}],"up":[{"embeddable":true,"href":"https:\/\/hifmb.de\/de\/wp-json\/wp\/v2\/pages\/3172"}],"wp:featuredmedia":[{"embeddable":true,"href":"https:\/\/hifmb.de\/de\/wp-json\/wp\/v2\/media\/2610"}],"wp:attachment":[{"href":"https:\/\/hifmb.de\/de\/wp-json\/wp\/v2\/media?parent=3154"}],"curies":[{"name":"wp","href":"https:\/\/api.w.org\/{rel}","templated":true}]}}