{"id":10537,"date":"2023-04-17T10:11:15","date_gmt":"2023-04-17T08:11:15","guid":{"rendered":"https:\/\/hifmb.de\/people\/alexa-obando-campos\/"},"modified":"2024-10-28T12:29:05","modified_gmt":"2024-10-28T11:29:05","slug":"alexa-obando-campos","status":"publish","type":"people","link":"https:\/\/hifmb.de\/de\/personen\/alexa-obando-campos\/","title":{"rendered":"Alexa Obando-Campos"},"content":{"rendered":"\n<h2 class=\"wp-block-heading\">Vita<\/h2>\n\n\n\n<p><strong>2023 \u2013 heute<\/strong><\/p>\n\n\n\n<p>PhD im Bereich Meerespolitik am HIFMB\/AWI, Oldenburg<\/p>\n\n\n\n<p><strong>2022<\/strong><\/p>\n\n\n\n<p>Beraterin bei der Ern\u00e4hrungs- und Landwirtschaftsorganisation, San Jos\u00e9, Costa Rica<\/p>\n\n\n\n<p><strong>2021 \u2013 2023<\/strong><\/p>\n\n\n\n<p>Lehrbeauftragte f\u00fcr Politikwissenschaft, Universit\u00e4t von Costa Rica<\/p>\n\n\n\n<p>Forscherin am Centro de Investigacion y Estudios Politicos (CIEP), Universit\u00e4t von Costa Rica<\/p>\n\n\n\n<p><strong>2018 \u2013 2021<\/strong><\/p>\n\n\n\n<p>MSc in sozio-\u00f6kologischen Studien an der Facultad Latinoamericana de Ciencias Sociales (FLACSO), Ecuador<\/p>\n\n\n\n<p><strong>2018 <strong>\u2013<\/strong>&nbsp;2019<\/strong><\/p>\n\n\n\n<p>Studentische Hilfskraft, Beobachtungsstelle f\u00fcr sozio-\u00f6kologische Konflikte in Ecuador, Facultad Latinoamericana de Ciencias Sociales (FLACSO), Quito, Ecuador<\/p>\n\n\n\n<p><strong>2011 \u2013 2016<\/strong><\/p>\n\n\n\n<p>BSc in Politikwissenschaft, Universit\u00e4t von Costa Rica<\/p>\n\n\n\n<div class=\"wp-block-theme-spacer  height-xxs\"><\/div>\n\n\n\n<h2 class=\"wp-block-heading\">Forschungsschwerpunkte<\/h2>\n\n\n\n<p>Hallo, mein Name ist Ale und ich komme aus Costa Rica. Mein Hauptinteresse gilt der Analyse, wie Machtdynamiken die Beziehungen zwischen Menschen und den Ozeanen beeinflussen. Insbesondere konzentriere ich mich darauf, wie ungleiche Beziehungen zwischen Klasse, Geschlecht, Rasse und ethnischer Zugeh\u00f6rigkeit mit dem Zugang, der Nutzung und dem Verst\u00e4ndnis der Ozeane und der politischen Wirtschaft zusammenh\u00e4ngen. Daher betrachte ich die Verwaltung, Erhaltung und Bewirtschaftung der Ozeane und K\u00fcstengebiete als politische und nicht neutrale Prozesse. Ich interessiere mich f\u00fcr die versteckten soziokulturellen Kosten des Meeresschutzes, insbesondere im Zusammenhang mit Verteilungs- und Umweltungerechtigkeiten.<\/p>\n\n\n\n<p><strong>PhD Projekt:<\/strong><br>Die 30 x 30-Initiative ist eine internationale Kampagne zum Schutz von 30 % der Ozeane bis 2030 durch die Einrichtung eines globalen Netzes von Meeresschutzgebieten (MPAs). Prozentuale Ziele haben die internationale Agenda zum Schutz der Meere dominiert, und MPAs waren die wichtigsten Instrumente, um diese Ziele zu erreichen.<\/p>\n\n\n\n<p>Meine Doktorarbeit nimmt eine global-lokale Perspektive ein und konzentriert sich darauf, wie internationale Meeresschutzziele (wie die 30 x 30 Initiative) mit Fischereigemeinden interagieren. Ich werde speziell den Fall von Puntarenas untersuchen, einer K\u00fcstengemeinde an der zentralpazifischen K\u00fcste Costa Ricas.<\/p>\n\n\n\n<p>Im Rahmen meiner Doktorarbeit m\u00f6chte ich einen Beitrag zur wachsenden Literatur leisten, die die Rolle von prozentualen Zielvorgaben f\u00fcr den Schutz der biologischen Vielfalt im Meer in Frage stellt. Ich m\u00f6chte die Einrichtung von Meeresschutzgebieten (MPAs) problematisieren und ihre Rationalit\u00e4t und Materialit\u00e4t untersuchen. Damit sollen Fragen der Gerechtigkeit und der sozialen Verteilung im Meeresschutz konzeptualisiert werden.<\/p>\n\n\n\n<div class=\"wp-block-theme-spacer\"><\/div>\n\n\n\n<h5 class=\"wp-block-heading\">Hervorgehobene Publikationen<\/h5>\n\n\n\n<p>Obando-Campos, Alexa, and Sara Latorre. <em>In press. <\/em>\u2018Disputas Discursivas En Torno al Desarrollo Sostenible de Los Oc\u00e9anos: La Pesca de Arrastre de Camar\u00f3n En Costa Rica\u2019. <em>Journal of Latin American Geography<\/em>.<\/p>\n\n\n\n<p>Obando-Campos, Alexa and Sara Latorre. <em>In press. <\/em>\u2018\u00bfReconversi\u00f3n o Exclusi\u00f3n? Los Efectos de Las Pol\u00edticas de La Econom\u00eda Azul En Los Pescadores Semi-Industriales y Artesanales de Puntarenas, Costa Rica\u2019. <em>Latin American Perspectives<\/em>.<\/p>\n","protected":false},"featured_media":10535,"template":"","team":[185],"research-area":[55],"status-group":[78],"alphabet":[79],"class_list":["post-10537","people","type-people","status-publish","has-post-thumbnail","hentry"],"acf":[],"yoast_head":"<!-- This site is optimized with the Yoast SEO plugin v27.5 - https:\/\/yoast.com\/product\/yoast-seo-wordpress\/ -->\n<title>Alexa Obando-Campos - HIFMB Oldenburg<\/title>\n<meta name=\"robots\" content=\"index, follow, max-snippet:-1, max-image-preview:large, max-video-preview:-1\" \/>\n<link rel=\"canonical\" href=\"https:\/\/hifmb.de\/de\/personen\/alexa-obando-campos\/\" \/>\n<meta property=\"og:locale\" content=\"de_DE\" \/>\n<meta property=\"og:type\" content=\"article\" \/>\n<meta property=\"og:title\" content=\"Alexa Obando-Campos - HIFMB Oldenburg\" \/>\n<meta property=\"og:description\" content=\"Vita  2023 \u2013 heute  PhD im Bereich Meerespolitik am HIFMB\/AWI, Oldenburg  2022  Beraterin bei der Ern\u00e4hrungs- und Landwirtschaftsorganisation, San Jos\u00e9, Costa Rica  2021 \u2013 2023  Lehrbeauftragte f\u00fcr Politikwissenschaft, Universit\u00e4t von Costa Rica  Forscherin am Centro de Investigacion y Estudios Politicos (CIEP), Universit\u00e4t von Costa Rica  2018 \u2013 2021  MSc in sozio-\u00f6kologischen Studien an der Facultad Latinoamericana de Ciencias Sociales (FLACSO), Ecuador  2018 \u2013&nbsp;2019  Studentische Hilfskraft, Beobachtungsstelle ...Weiterlesen\" \/>\n<meta property=\"og:url\" content=\"https:\/\/hifmb.de\/de\/personen\/alexa-obando-campos\/\" \/>\n<meta property=\"og:site_name\" content=\"HIFMB Oldenburg\" \/>\n<meta property=\"article:modified_time\" content=\"2024-10-28T11:29:05+00:00\" \/>\n<meta property=\"og:image\" content=\"https:\/\/hifmb.de\/wp-content\/uploads\/2023\/04\/Alexa-Obando-Campos.jpg\" \/>\n\t<meta property=\"og:image:width\" content=\"562\" \/>\n\t<meta property=\"og:image:height\" content=\"562\" \/>\n\t<meta property=\"og:image:type\" content=\"image\/jpeg\" \/>\n<meta name=\"twitter:card\" content=\"summary_large_image\" \/>\n<meta name=\"twitter:label1\" content=\"Est. reading time\" \/>\n\t<meta name=\"twitter:data1\" content=\"3 minutes\" \/>\n<script type=\"application\/ld+json\" class=\"yoast-schema-graph\">{\"@context\":\"https:\\\/\\\/schema.org\",\"@graph\":[{\"@type\":\"WebPage\",\"@id\":\"https:\\\/\\\/hifmb.de\\\/de\\\/personen\\\/alexa-obando-campos\\\/\",\"url\":\"https:\\\/\\\/hifmb.de\\\/de\\\/personen\\\/alexa-obando-campos\\\/\",\"name\":\"Alexa Obando-Campos - HIFMB Oldenburg\",\"isPartOf\":{\"@id\":\"https:\\\/\\\/hifmb.de\\\/#website\"},\"primaryImageOfPage\":{\"@id\":\"https:\\\/\\\/hifmb.de\\\/de\\\/personen\\\/alexa-obando-campos\\\/#primaryimage\"},\"image\":{\"@id\":\"https:\\\/\\\/hifmb.de\\\/de\\\/personen\\\/alexa-obando-campos\\\/#primaryimage\"},\"thumbnailUrl\":\"https:\\\/\\\/hifmb.de\\\/wp-content\\\/uploads\\\/2023\\\/04\\\/Alexa-Obando-Campos.jpg\",\"datePublished\":\"2023-04-17T08:11:15+00:00\",\"dateModified\":\"2024-10-28T11:29:05+00:00\",\"breadcrumb\":{\"@id\":\"https:\\\/\\\/hifmb.de\\\/de\\\/personen\\\/alexa-obando-campos\\\/#breadcrumb\"},\"inLanguage\":\"de-DE\",\"potentialAction\":[{\"@type\":\"ReadAction\",\"target\":[\"https:\\\/\\\/hifmb.de\\\/de\\\/personen\\\/alexa-obando-campos\\\/\"]}]},{\"@type\":\"ImageObject\",\"inLanguage\":\"de-DE\",\"@id\":\"https:\\\/\\\/hifmb.de\\\/de\\\/personen\\\/alexa-obando-campos\\\/#primaryimage\",\"url\":\"https:\\\/\\\/hifmb.de\\\/wp-content\\\/uploads\\\/2023\\\/04\\\/Alexa-Obando-Campos.jpg\",\"contentUrl\":\"https:\\\/\\\/hifmb.de\\\/wp-content\\\/uploads\\\/2023\\\/04\\\/Alexa-Obando-Campos.jpg\",\"width\":562,\"height\":562},{\"@type\":\"BreadcrumbList\",\"@id\":\"https:\\\/\\\/hifmb.de\\\/de\\\/personen\\\/alexa-obando-campos\\\/#breadcrumb\",\"itemListElement\":[{\"@type\":\"ListItem\",\"position\":1,\"name\":\"Home\",\"item\":\"https:\\\/\\\/hifmb.de\\\/de\\\/\"},{\"@type\":\"ListItem\",\"position\":2,\"name\":\"Alexa Obando-Campos\"}]},{\"@type\":\"WebSite\",\"@id\":\"https:\\\/\\\/hifmb.de\\\/#website\",\"url\":\"https:\\\/\\\/hifmb.de\\\/\",\"name\":\"HIFMB Oldenburg\",\"description\":\"The Helmholtz Institute for Functional Marine Biodiversity (HIFMB)\",\"publisher\":{\"@id\":\"https:\\\/\\\/hifmb.de\\\/#organization\"},\"potentialAction\":[{\"@type\":\"SearchAction\",\"target\":{\"@type\":\"EntryPoint\",\"urlTemplate\":\"https:\\\/\\\/hifmb.de\\\/?s={search_term_string}\"},\"query-input\":{\"@type\":\"PropertyValueSpecification\",\"valueRequired\":true,\"valueName\":\"search_term_string\"}}],\"inLanguage\":\"de-DE\"},{\"@type\":\"Organization\",\"@id\":\"https:\\\/\\\/hifmb.de\\\/#organization\",\"name\":\"HIFMB Oldenburg\",\"url\":\"https:\\\/\\\/hifmb.de\\\/\",\"logo\":{\"@type\":\"ImageObject\",\"inLanguage\":\"de-DE\",\"@id\":\"https:\\\/\\\/hifmb.de\\\/#\\\/schema\\\/logo\\\/image\\\/\",\"url\":\"https:\\\/\\\/hifmb.de\\\/wp-content\\\/uploads\\\/2021\\\/01\\\/hifmb-logo-neg-de.svg\",\"contentUrl\":\"https:\\\/\\\/hifmb.de\\\/wp-content\\\/uploads\\\/2021\\\/01\\\/hifmb-logo-neg-de.svg\",\"width\":300,\"height\":87,\"caption\":\"HIFMB Oldenburg\"},\"image\":{\"@id\":\"https:\\\/\\\/hifmb.de\\\/#\\\/schema\\\/logo\\\/image\\\/\"}}]}<\/script>\n<!-- \/ Yoast SEO plugin. -->","yoast_head_json":{"title":"Alexa Obando-Campos - HIFMB Oldenburg","robots":{"index":"index","follow":"follow","max-snippet":"max-snippet:-1","max-image-preview":"max-image-preview:large","max-video-preview":"max-video-preview:-1"},"canonical":"https:\/\/hifmb.de\/de\/personen\/alexa-obando-campos\/","og_locale":"de_DE","og_type":"article","og_title":"Alexa Obando-Campos - HIFMB Oldenburg","og_description":"Vita  2023 \u2013 heute  PhD im Bereich Meerespolitik am HIFMB\/AWI, Oldenburg  2022  Beraterin bei der Ern\u00e4hrungs- und Landwirtschaftsorganisation, San Jos\u00e9, Costa Rica  2021 \u2013 2023  Lehrbeauftragte f\u00fcr Politikwissenschaft, Universit\u00e4t von Costa Rica  Forscherin am Centro de Investigacion y Estudios Politicos (CIEP), Universit\u00e4t von Costa Rica  2018 \u2013 2021  MSc in sozio-\u00f6kologischen Studien an der Facultad Latinoamericana de Ciencias Sociales (FLACSO), Ecuador  2018 \u2013&nbsp;2019  Studentische Hilfskraft, Beobachtungsstelle ...Weiterlesen","og_url":"https:\/\/hifmb.de\/de\/personen\/alexa-obando-campos\/","og_site_name":"HIFMB Oldenburg","article_modified_time":"2024-10-28T11:29:05+00:00","og_image":[{"width":562,"height":562,"url":"https:\/\/hifmb.de\/wp-content\/uploads\/2023\/04\/Alexa-Obando-Campos.jpg","type":"image\/jpeg"}],"twitter_card":"summary_large_image","twitter_misc":{"Est. reading time":"3 minutes"},"schema":{"@context":"https:\/\/schema.org","@graph":[{"@type":"WebPage","@id":"https:\/\/hifmb.de\/de\/personen\/alexa-obando-campos\/","url":"https:\/\/hifmb.de\/de\/personen\/alexa-obando-campos\/","name":"Alexa Obando-Campos - HIFMB Oldenburg","isPartOf":{"@id":"https:\/\/hifmb.de\/#website"},"primaryImageOfPage":{"@id":"https:\/\/hifmb.de\/de\/personen\/alexa-obando-campos\/#primaryimage"},"image":{"@id":"https:\/\/hifmb.de\/de\/personen\/alexa-obando-campos\/#primaryimage"},"thumbnailUrl":"https:\/\/hifmb.de\/wp-content\/uploads\/2023\/04\/Alexa-Obando-Campos.jpg","datePublished":"2023-04-17T08:11:15+00:00","dateModified":"2024-10-28T11:29:05+00:00","breadcrumb":{"@id":"https:\/\/hifmb.de\/de\/personen\/alexa-obando-campos\/#breadcrumb"},"inLanguage":"de-DE","potentialAction":[{"@type":"ReadAction","target":["https:\/\/hifmb.de\/de\/personen\/alexa-obando-campos\/"]}]},{"@type":"ImageObject","inLanguage":"de-DE","@id":"https:\/\/hifmb.de\/de\/personen\/alexa-obando-campos\/#primaryimage","url":"https:\/\/hifmb.de\/wp-content\/uploads\/2023\/04\/Alexa-Obando-Campos.jpg","contentUrl":"https:\/\/hifmb.de\/wp-content\/uploads\/2023\/04\/Alexa-Obando-Campos.jpg","width":562,"height":562},{"@type":"BreadcrumbList","@id":"https:\/\/hifmb.de\/de\/personen\/alexa-obando-campos\/#breadcrumb","itemListElement":[{"@type":"ListItem","position":1,"name":"Home","item":"https:\/\/hifmb.de\/de\/"},{"@type":"ListItem","position":2,"name":"Alexa Obando-Campos"}]},{"@type":"WebSite","@id":"https:\/\/hifmb.de\/#website","url":"https:\/\/hifmb.de\/","name":"HIFMB Oldenburg","description":"The Helmholtz Institute for Functional Marine Biodiversity (HIFMB)","publisher":{"@id":"https:\/\/hifmb.de\/#organization"},"potentialAction":[{"@type":"SearchAction","target":{"@type":"EntryPoint","urlTemplate":"https:\/\/hifmb.de\/?s={search_term_string}"},"query-input":{"@type":"PropertyValueSpecification","valueRequired":true,"valueName":"search_term_string"}}],"inLanguage":"de-DE"},{"@type":"Organization","@id":"https:\/\/hifmb.de\/#organization","name":"HIFMB Oldenburg","url":"https:\/\/hifmb.de\/","logo":{"@type":"ImageObject","inLanguage":"de-DE","@id":"https:\/\/hifmb.de\/#\/schema\/logo\/image\/","url":"https:\/\/hifmb.de\/wp-content\/uploads\/2021\/01\/hifmb-logo-neg-de.svg","contentUrl":"https:\/\/hifmb.de\/wp-content\/uploads\/2021\/01\/hifmb-logo-neg-de.svg","width":300,"height":87,"caption":"HIFMB Oldenburg"},"image":{"@id":"https:\/\/hifmb.de\/#\/schema\/logo\/image\/"}}]}},"_links":{"self":[{"href":"https:\/\/hifmb.de\/de\/wp-json\/wp\/v2\/people\/10537","targetHints":{"allow":["GET"]}}],"collection":[{"href":"https:\/\/hifmb.de\/de\/wp-json\/wp\/v2\/people"}],"about":[{"href":"https:\/\/hifmb.de\/de\/wp-json\/wp\/v2\/types\/people"}],"wp:featuredmedia":[{"embeddable":true,"href":"https:\/\/hifmb.de\/de\/wp-json\/wp\/v2\/media\/10535"}],"wp:attachment":[{"href":"https:\/\/hifmb.de\/de\/wp-json\/wp\/v2\/media?parent=10537"}],"wp:term":[{"taxonomy":"team","embeddable":true,"href":"https:\/\/hifmb.de\/de\/wp-json\/wp\/v2\/team?post=10537"},{"taxonomy":"research-area","embeddable":true,"href":"https:\/\/hifmb.de\/de\/wp-json\/wp\/v2\/research-area?post=10537"},{"taxonomy":"status-group","embeddable":true,"href":"https:\/\/hifmb.de\/de\/wp-json\/wp\/v2\/status-group?post=10537"},{"taxonomy":"alphabet","embeddable":true,"href":"https:\/\/hifmb.de\/de\/wp-json\/wp\/v2\/alphabet?post=10537"}],"curies":[{"name":"wp","href":"https:\/\/api.w.org\/{rel}","templated":true}]}}